{"id":40,"date":"2024-05-03T15:03:09","date_gmt":"2024-05-03T15:03:09","guid":{"rendered":"https:\/\/dyrestemmen.dk\/?page_id=40"},"modified":"2025-03-28T09:15:02","modified_gmt":"2025-03-28T09:15:02","slug":"hvem-er-jeg","status":"publish","type":"page","link":"http:\/\/dyrestemmen.dk\/index.php\/hvem-er-jeg\/","title":{"rendered":"Lidt om mig."},"content":{"rendered":"<p><span style=\"font-family: arial, helvetica, sans-serif; font-size: 14pt;\">Mit navn er Gertie Finne. Er f\u00f8dt i 1969 p\u00e5 Bornholm. Men bor i dag i det S\u00f8nderjyske.<\/span><\/p>\n<p><span style=\"font-family: arial, helvetica, sans-serif; font-size: 14pt;\">Jeg har hele mit liv f\u00f8lt, at jeg havde en s\u00e6rlig kontakt til dyr og nemt ved at g\u00e5 til dem. <\/span><br \/>\n<span style=\"font-family: arial, helvetica, sans-serif; font-size: 14pt;\">Til g\u00e6ng\u00e6ld havde jeg det rigtig sv\u00e6rt med mennesker. Nok mest fordi jeg som fem \u00e5rig fik diabetes og f\u00f8lte mig anderledes og forkert. F\u00f8lte andre menneskes frygt for at sige eller g\u00f8re noget forkert i mit selvskab, og at de fors\u00f8gte at undg\u00e5 mig, hvis de kunne. <\/span><br \/>\n<span style=\"font-family: arial, helvetica, sans-serif; font-size: 14pt;\">Dyrene accepterede mig som jeg var, og hos dem f\u00f8lte jeg mig tryg.<\/span><\/p>\n<p><img loading=\"lazy\" decoding=\"async\" class=\"size-full wp-image-105 aligncenter\" src=\"http:\/\/dyrestemmen.dk\/wp-content\/uploads\/2024\/05\/Image7.jpg\" alt=\"\" width=\"1002\" height=\"663\" srcset=\"http:\/\/dyrestemmen.dk\/wp-content\/uploads\/2024\/05\/Image7.jpg 1002w, http:\/\/dyrestemmen.dk\/wp-content\/uploads\/2024\/05\/Image7-300x199.jpg 300w, http:\/\/dyrestemmen.dk\/wp-content\/uploads\/2024\/05\/Image7-768x508.jpg 768w\" sizes=\"auto, (max-width: 1002px) 100vw, 1002px\" \/><\/p>\n<p><span style=\"font-family: arial, helvetica, sans-serif;\">Trods mange fors\u00f8g med at passe ind, b\u00e5de med at passe b\u00f8rn og \u00e6ldre, samt mange \u00e5r som underviser i h\u00e5ndarbejde, samtidig med et svigtende syn, blev det mere og mere tydligt for mig, at dyrene pr\u00f8vede at fort\u00e6lle mig noget og at jeg virkelig skulle g\u00f8re noget drastisk ved det.<\/span><\/p>\n","protected":false},"excerpt":{"rendered":"<p>Mit navn er Gertie Finne. Er f\u00f8dt i 1969 p\u00e5 Bornholm. Men bor i dag i det S\u00f8nderjyske. Jeg har hele mit<\/p>\n<p class=\"link-more\"><a class=\"myButt \" href=\"http:\/\/dyrestemmen.dk\/index.php\/hvem-er-jeg\/\">Read More<\/a><\/p>\n","protected":false},"author":1,"featured_media":0,"parent":0,"menu_order":0,"comment_status":"closed","ping_status":"closed","template":"","meta":{"footnotes":""},"class_list":["post-40","page","type-page","status-publish","hentry"],"_links":{"self":[{"href":"http:\/\/dyrestemmen.dk\/index.php\/wp-json\/wp\/v2\/pages\/40","targetHints":{"allow":["GET"]}}],"collection":[{"href":"http:\/\/dyrestemmen.dk\/index.php\/wp-json\/wp\/v2\/pages"}],"about":[{"href":"http:\/\/dyrestemmen.dk\/index.php\/wp-json\/wp\/v2\/types\/page"}],"author":[{"embeddable":true,"href":"http:\/\/dyrestemmen.dk\/index.php\/wp-json\/wp\/v2\/users\/1"}],"replies":[{"embeddable":true,"href":"http:\/\/dyrestemmen.dk\/index.php\/wp-json\/wp\/v2\/comments?post=40"}],"version-history":[{"count":8,"href":"http:\/\/dyrestemmen.dk\/index.php\/wp-json\/wp\/v2\/pages\/40\/revisions"}],"predecessor-version":[{"id":401,"href":"http:\/\/dyrestemmen.dk\/index.php\/wp-json\/wp\/v2\/pages\/40\/revisions\/401"}],"wp:attachment":[{"href":"http:\/\/dyrestemmen.dk\/index.php\/wp-json\/wp\/v2\/media?parent=40"}],"curies":[{"name":"wp","href":"https:\/\/api.w.org\/{rel}","templated":true}]}}